{"id":215249,"date":"2019-01-21T15:21:05","date_gmt":"2019-01-21T15:21:05","guid":{"rendered":"\/\/www.demasimovimentoterra.com\/politique-de-confidentialite\/"},"modified":"2019-01-21T15:21:05","modified_gmt":"2019-01-21T15:21:05","slug":"politique-de-confidentialite","status":"publish","type":"page","link":"https:\/\/www.demasimovimentoterra.com\/fr\/politique-de-confidentialite\/","title":{"rendered":"Politique de confidentialit\u00e9"},"content":{"rendered":"<h5>Politique de confidentialit\u00e9 (r\u00e8glement europ\u00e9en 2016\/679, GDPR)<\/h5>\n<p>&nbsp;<\/p>\n<p><strong>Le contr\u00f4leur de donn\u00e9es<\/strong><\/p>\n<p>&nbsp;<\/p>\n<p><strong>De Masi Marco e Davide Movimento Terra<\/strong><\/p>\n<p>Corso Italia 115\/bis, 18033<br \/>\nCamporosso &#8211; IM<br \/>\nP.Iva: 011 084 300 81<br \/>\nCFS: DMSMRC65E20D318L<\/p>\n<p>Courriel: demasiscavi@libero.it<\/p>\n<p>Pec: marco.demasi@ticertifica.it<\/p>\n<p>Registre des soci\u00e9t\u00e9s-REA inscription:<\/p>\n<p>&nbsp;<\/p>\n<p>Le propri\u00e9taire du traitement des donn\u00e9es ci-dessus, consid\u00e8re que la \u00abvie priv\u00e9e\u00bb de ses utilisateurs est d&rsquo;une importance primordiale et garantit que le traitement des donn\u00e9es \u00e0 caract\u00e8re personnel par le biais de son site Web est effectu\u00e9 en ce qui concerne les droits et libert\u00e9s fondamentaux, et la dignit\u00e9 de la personne concern\u00e9e, en particulier en ce qui concerne la confidentialit\u00e9, l&rsquo;identit\u00e9 personnelle et le droit \u00e0 la protection des donn\u00e9es \u00e0 caract\u00e8re personnel. \u00c0 cet \u00e9gard, le contr\u00f4leur des donn\u00e9es a adopt\u00e9 et mis en \u0153uvre une politique de confidentialit\u00e9 pour tout ce qui concerne la fa\u00e7on dont le site est g\u00e9r\u00e9 par rapport au traitement des donn\u00e9es personnelles des utilisateurs.<\/p>\n<p>Le contr\u00f4leur des donn\u00e9es informe que les donn\u00e9es personnelles (ci-apr\u00e8s d\u00e9nomm\u00e9es \u00ab\u00a0donn\u00e9es\u00a0\u00bb) fournies par vous, ou acquises autrement par effet ou \u00e0 l&rsquo;occasion de la navigation sur notre site\/portail, peuvent faire l&rsquo;objet d&rsquo;un traitement, en respectant les R\u00e8glement europ\u00e9en 2016\/679 (GDPR).<\/p>\n<p>&nbsp;<\/p>\n<p>Pour toutes les informations sur les cookies: <a href=\"\/?page_id=12#cook\" target=\"_blank\" rel=\"noopener\">politique de confidentialit\u00e9<\/a>.<\/p>\n<p>&nbsp;<\/p>\n<p>Pour la version \u00e9tendue de cette politique de confidentialit\u00e9: <a href=\"\/?page_id=12\" target=\"_blank\" rel=\"noopener\">divulgation compl\u00e8te du traitement des donn\u00e9es personnelles<\/a>.<\/p>\n","protected":false},"excerpt":{"rendered":"<p>Politique de confidentialit\u00e9 (r\u00e8glement europ\u00e9en 2016\/679, GDPR) &nbsp; Le contr\u00f4leur de donn\u00e9es &nbsp; De Masi Marco e Davide Movimento Terra Corso Italia 115\/bis, 18033 Camporosso &#8211; IM P.Iva: 011 084 300 81 CFS: DMSMRC65E20D318L Courriel: demasiscavi@libero.it Pec: marco.demasi@ticertifica.it Registre des soci\u00e9t\u00e9s-REA inscription: &nbsp; Le propri\u00e9taire du traitement des donn\u00e9es ci-dessus, consid\u00e8re que la \u00abvie priv\u00e9e\u00bb [&hellip;]<\/p>\n","protected":false},"author":1,"featured_media":0,"parent":0,"menu_order":0,"comment_status":"closed","ping_status":"closed","template":"","meta":{"_et_pb_use_builder":"","_et_pb_old_content":"","_et_gb_content_width":"","footnotes":""},"yoast_head":"<!-- This site is optimized with the Yoast SEO plugin v23.5 - https:\/\/yoast.com\/wordpress\/plugins\/seo\/ -->\n<title>Politique de confidentialit\u00e9 - De Masi Movimento Terra<\/title>\n<meta name=\"robots\" content=\"index, follow, max-snippet:-1, max-image-preview:large, max-video-preview:-1\" \/>\n<link rel=\"canonical\" href=\"https:\/\/www.demasimovimentoterra.com\/privacy-policy\/\" \/>\n<meta property=\"og:locale\" content=\"fr_FR\" \/>\n<meta property=\"og:type\" content=\"article\" \/>\n<meta property=\"og:title\" content=\"Politique de confidentialit\u00e9 - De Masi Movimento Terra\" \/>\n<meta property=\"og:description\" content=\"Politique de confidentialit\u00e9 (r\u00e8glement europ\u00e9en 2016\/679, GDPR) &nbsp; Le contr\u00f4leur de donn\u00e9es &nbsp; De Masi Marco e Davide Movimento Terra Corso Italia 115\/bis, 18033 Camporosso &#8211; IM P.Iva: 011 084 300 81 CFS: DMSMRC65E20D318L Courriel: demasiscavi@libero.it Pec: marco.demasi@ticertifica.it Registre des soci\u00e9t\u00e9s-REA inscription: &nbsp; Le propri\u00e9taire du traitement des donn\u00e9es ci-dessus, consid\u00e8re que la \u00abvie priv\u00e9e\u00bb [&hellip;]\" \/>\n<meta property=\"og:url\" content=\"https:\/\/www.demasimovimentoterra.com\/privacy-policy\/\" \/>\n<meta property=\"og:site_name\" content=\"De Masi Movimento Terra\" \/>\n<meta name=\"twitter:card\" content=\"summary_large_image\" \/>\n<meta name=\"twitter:label1\" content=\"Dur\u00e9e de lecture estim\u00e9e\" \/>\n\t<meta name=\"twitter:data1\" content=\"1 minute\" \/>\n<script type=\"application\/ld+json\" class=\"yoast-schema-graph\">{\"@context\":\"https:\/\/schema.org\",\"@graph\":[{\"@type\":\"WebPage\",\"@id\":\"https:\/\/www.demasimovimentoterra.com\/privacy-policy\/\",\"url\":\"https:\/\/www.demasimovimentoterra.com\/privacy-policy\/\",\"name\":\"Politique de confidentialit\u00e9 - De Masi Movimento Terra\",\"isPartOf\":{\"@id\":\"https:\/\/www.demasimovimentoterra.com\/#website\"},\"datePublished\":\"2019-01-21T15:21:05+00:00\",\"dateModified\":\"2019-01-21T15:21:05+00:00\",\"breadcrumb\":{\"@id\":\"https:\/\/www.demasimovimentoterra.com\/privacy-policy\/#breadcrumb\"},\"inLanguage\":\"fr-FR\",\"potentialAction\":[{\"@type\":\"ReadAction\",\"target\":[\"https:\/\/www.demasimovimentoterra.com\/privacy-policy\/\"]}]},{\"@type\":\"BreadcrumbList\",\"@id\":\"https:\/\/www.demasimovimentoterra.com\/privacy-policy\/#breadcrumb\",\"itemListElement\":[{\"@type\":\"ListItem\",\"position\":1,\"name\":\"Home\",\"item\":\"https:\/\/www.demasimovimentoterra.com\/\"},{\"@type\":\"ListItem\",\"position\":2,\"name\":\"Politique de confidentialit\u00e9\"}]},{\"@type\":\"WebSite\",\"@id\":\"https:\/\/www.demasimovimentoterra.com\/#website\",\"url\":\"https:\/\/www.demasimovimentoterra.com\/\",\"name\":\"De Masi Movimento Terra\",\"description\":\"Grandi Lavori Edili ad Imperia\",\"potentialAction\":[{\"@type\":\"SearchAction\",\"target\":{\"@type\":\"EntryPoint\",\"urlTemplate\":\"https:\/\/www.demasimovimentoterra.com\/?s={search_term_string}\"},\"query-input\":{\"@type\":\"PropertyValueSpecification\",\"valueRequired\":true,\"valueName\":\"search_term_string\"}}],\"inLanguage\":\"fr-FR\"}]}<\/script>\n<!-- \/ Yoast SEO plugin. -->","yoast_head_json":{"title":"Politique de confidentialit\u00e9 - De Masi Movimento Terra","robots":{"index":"index","follow":"follow","max-snippet":"max-snippet:-1","max-image-preview":"max-image-preview:large","max-video-preview":"max-video-preview:-1"},"canonical":"https:\/\/www.demasimovimentoterra.com\/privacy-policy\/","og_locale":"fr_FR","og_type":"article","og_title":"Politique de confidentialit\u00e9 - De Masi Movimento Terra","og_description":"Politique de confidentialit\u00e9 (r\u00e8glement europ\u00e9en 2016\/679, GDPR) &nbsp; Le contr\u00f4leur de donn\u00e9es &nbsp; De Masi Marco e Davide Movimento Terra Corso Italia 115\/bis, 18033 Camporosso &#8211; IM P.Iva: 011 084 300 81 CFS: DMSMRC65E20D318L Courriel: demasiscavi@libero.it Pec: marco.demasi@ticertifica.it Registre des soci\u00e9t\u00e9s-REA inscription: &nbsp; Le propri\u00e9taire du traitement des donn\u00e9es ci-dessus, consid\u00e8re que la \u00abvie priv\u00e9e\u00bb [&hellip;]","og_url":"https:\/\/www.demasimovimentoterra.com\/privacy-policy\/","og_site_name":"De Masi Movimento Terra","twitter_card":"summary_large_image","twitter_misc":{"Dur\u00e9e de lecture estim\u00e9e":"1 minute"},"schema":{"@context":"https:\/\/schema.org","@graph":[{"@type":"WebPage","@id":"https:\/\/www.demasimovimentoterra.com\/privacy-policy\/","url":"https:\/\/www.demasimovimentoterra.com\/privacy-policy\/","name":"Politique de confidentialit\u00e9 - De Masi Movimento Terra","isPartOf":{"@id":"https:\/\/www.demasimovimentoterra.com\/#website"},"datePublished":"2019-01-21T15:21:05+00:00","dateModified":"2019-01-21T15:21:05+00:00","breadcrumb":{"@id":"https:\/\/www.demasimovimentoterra.com\/privacy-policy\/#breadcrumb"},"inLanguage":"fr-FR","potentialAction":[{"@type":"ReadAction","target":["https:\/\/www.demasimovimentoterra.com\/privacy-policy\/"]}]},{"@type":"BreadcrumbList","@id":"https:\/\/www.demasimovimentoterra.com\/privacy-policy\/#breadcrumb","itemListElement":[{"@type":"ListItem","position":1,"name":"Home","item":"https:\/\/www.demasimovimentoterra.com\/"},{"@type":"ListItem","position":2,"name":"Politique de confidentialit\u00e9"}]},{"@type":"WebSite","@id":"https:\/\/www.demasimovimentoterra.com\/#website","url":"https:\/\/www.demasimovimentoterra.com\/","name":"De Masi Movimento Terra","description":"Grandi Lavori Edili ad Imperia","potentialAction":[{"@type":"SearchAction","target":{"@type":"EntryPoint","urlTemplate":"https:\/\/www.demasimovimentoterra.com\/?s={search_term_string}"},"query-input":{"@type":"PropertyValueSpecification","valueRequired":true,"valueName":"search_term_string"}}],"inLanguage":"fr-FR"}]}},"_links":{"self":[{"href":"https:\/\/www.demasimovimentoterra.com\/fr\/wp-json\/wp\/v2\/pages\/215249"}],"collection":[{"href":"https:\/\/www.demasimovimentoterra.com\/fr\/wp-json\/wp\/v2\/pages"}],"about":[{"href":"https:\/\/www.demasimovimentoterra.com\/fr\/wp-json\/wp\/v2\/types\/page"}],"author":[{"embeddable":true,"href":"https:\/\/www.demasimovimentoterra.com\/fr\/wp-json\/wp\/v2\/users\/1"}],"replies":[{"embeddable":true,"href":"https:\/\/www.demasimovimentoterra.com\/fr\/wp-json\/wp\/v2\/comments?post=215249"}],"version-history":[{"count":0,"href":"https:\/\/www.demasimovimentoterra.com\/fr\/wp-json\/wp\/v2\/pages\/215249\/revisions"}],"wp:attachment":[{"href":"https:\/\/www.demasimovimentoterra.com\/fr\/wp-json\/wp\/v2\/media?parent=215249"}],"curies":[{"name":"wp","href":"https:\/\/api.w.org\/{rel}","templated":true}]}}